{"id":2977,"date":"2021-04-25T12:14:30","date_gmt":"2021-04-25T10:14:30","guid":{"rendered":"https:\/\/lm-kommunikation.de\/?post_type=jetpack-portfolio&#038;p=2977"},"modified":"2021-05-12T18:12:11","modified_gmt":"2021-05-12T16:12:11","slug":"berlin-exhibition-group","status":"publish","type":"jetpack-portfolio","link":"https:\/\/lm-kommunikation.de\/en\/portfolio\/berlin-exhibition-group\/","title":{"rendered":"Berlin Exhibition Group"},"content":{"rendered":"\n<figure class=\"wp-block-image size-large\"><img decoding=\"async\" loading=\"lazy\" width=\"1196\" height=\"725\" src=\"https:\/\/lm-kommunikation.de\/wp-content\/uploads\/2021\/04\/lmk_corporate_design_BEG_head2.jpg\" alt=\"\" class=\"wp-image-2884\"\/><\/figure>\n\n\n\n<h1 class=\"has-text-align-center wp-block-heading\">Corporate Design for BEG<\/h1>\n\n\n\n<div class=\"wp-block-columns is-layout-flex wp-container-2 wp-block-columns-is-layout-flex\">\n<div class=\"wp-block-column is-layout-flow wp-block-column-is-layout-flow\">\n<p>With the Berlin Exhibition Group (BEG), an overall brand was developed that unites four companies in the field of trade fair construction. The traditional Berlin exhibition construction companies Formfoundation, MINUTH, ELMES and Raum &amp; Werbung form synergies as a network. Their services complement each other through the areas of design\/creative agency, production, electrical rental and logistics. Through the BEG, they increase their market presence, but remain self-sufficient. They work together in a modular and flexible way, depending on the volume and type of contract.<\/p>\n\n\n\n<p>The brand visualizes the jointly developed values: shaping spaces &#8211; lively &#8211; creative &#8211; modular &#8211; powerful &#8211; responsible. A central element of the brand consists of the hexagonal cube, which is used as a silver outline in the logo. Its shape and surfaces stand for three-dimensional spaces. The additional claim &#8220;we work together&#8221; underscores the central corporate goal of collaboration, both among themselves and with customers nationally and internationally.<br>As a colorful distinguishing element, the cube is placed individually or in combination as an illustrative background in print and digital media. Changing colors and surfaces make the perspective in the cube jump to emphasize the mobility and modular nature of the work. In the cube we also find elements of the four participating companies, be it through form or color. In contrast to the colorful background, the BEG logo and the individual company logos stand out in silver.<\/p>\n<\/div>\n<\/div>\n\n\n\n<figure class=\"wp-block-image size-large\"><img decoding=\"async\" loading=\"lazy\" width=\"1196\" height=\"636\" src=\"https:\/\/lm-kommunikation.de\/wp-content\/uploads\/2021\/04\/lmk_corporate_design_BEG_1.jpg\" alt=\"\" class=\"wp-image-2889\"\/><\/figure>\n\n\n\n<figure class=\"wp-block-image size-large\"><img decoding=\"async\" loading=\"lazy\" width=\"1196\" height=\"636\" src=\"https:\/\/lm-kommunikation.de\/wp-content\/uploads\/2021\/04\/lmk_corporate_design_BEG_2.gif\" alt=\"\" class=\"wp-image-2887\"\/><\/figure>\n\n\n\n<p>Each participating company can visually refer to the BEG network in its existing communication. Through a logo line in silver at the bottom of each media. To bring the different company designs together visually, there is another common design element \u2013 the silver grid in the background.<\/p>\n\n\n\n<figure class=\"wp-block-image size-large\"><img decoding=\"async\" loading=\"lazy\" width=\"900\" height=\"100\" src=\"https:\/\/lm-kommunikation.de\/wp-content\/uploads\/2021\/04\/lmk_corporate_design_BEG_logos.png\" alt=\"\" class=\"wp-image-2938\"\/><\/figure>\n\n\n\n<figure class=\"wp-block-image size-large\"><img decoding=\"async\" loading=\"lazy\" width=\"1196\" height=\"500\" src=\"https:\/\/lm-kommunikation.de\/wp-content\/uploads\/2021\/04\/lmk_corporate_design_BEG_3.jpg\" alt=\"\" class=\"wp-image-2896\"\/><\/figure>\n\n\n\n<figure class=\"wp-block-image size-large\"><img decoding=\"async\" loading=\"lazy\" width=\"1196\" height=\"500\" src=\"https:\/\/lm-kommunikation.de\/wp-content\/uploads\/2021\/04\/lmk_corporate_design_BEG_4.jpg\" alt=\"\" class=\"wp-image-2898\"\/><\/figure>\n","protected":false},"excerpt":{"rendered":"<p>Corporate Design for BEG The brand visualizes the jointly developed values: shaping spaces &#8211; lively &#8211; creative &#8211; [&hellip;]<\/p>\n","protected":false},"author":1,"featured_media":2966,"comment_status":"closed","ping_status":"closed","template":"","format":"standard","meta":[],"jetpack-portfolio-type":[30],"jetpack-portfolio-tag":[],"yoast_head":"<!-- This site is optimized with the Yoast SEO plugin v21.1 - https:\/\/yoast.com\/wordpress\/plugins\/seo\/ -->\n<title>Corporate Design der Berlin Exhibition Group \u2013 LMK<\/title>\n<meta name=\"description\" content=\"With the corporate design of the Berlin Exhibition Group (BEG), an overall brand was developed that unites 4 companies in the field of trade fair construction.\" \/>\n<meta name=\"robots\" content=\"index, follow, max-snippet:-1, max-image-preview:large, max-video-preview:-1\" \/>\n<link rel=\"canonical\" href=\"https:\/\/lm-kommunikation.de\/en\/portfolio\/berlin-exhibition-group\/\" \/>\n<meta property=\"og:locale\" content=\"en_US\" \/>\n<meta property=\"og:type\" content=\"article\" \/>\n<meta property=\"og:title\" content=\"Corporate Design der Berlin Exhibition Group \u2013 LMK\" \/>\n<meta property=\"og:description\" content=\"With the corporate design of the Berlin Exhibition Group (BEG), an overall brand was developed that unites 4 companies in the field of trade fair construction.\" \/>\n<meta property=\"og:url\" content=\"https:\/\/lm-kommunikation.de\/en\/portfolio\/berlin-exhibition-group\/\" \/>\n<meta property=\"article:modified_time\" content=\"2021-05-12T16:12:11+00:00\" \/>\n<meta property=\"og:image\" content=\"https:\/\/lm-kommunikation.de\/wp-content\/uploads\/2021\/03\/lmk_BEG_animation.png\" \/>\n\t<meta property=\"og:image:width\" content=\"400\" \/>\n\t<meta property=\"og:image:height\" content=\"300\" \/>\n\t<meta property=\"og:image:type\" content=\"image\/png\" \/>\n<meta name=\"twitter:card\" content=\"summary_large_image\" \/>\n<meta name=\"twitter:label1\" content=\"Est. reading time\" \/>\n\t<meta name=\"twitter:data1\" content=\"3 minutes\" \/>\n<script type=\"application\/ld+json\" class=\"yoast-schema-graph\">{\"@context\":\"https:\/\/schema.org\",\"@graph\":[{\"@type\":\"WebPage\",\"@id\":\"https:\/\/lm-kommunikation.de\/en\/portfolio\/berlin-exhibition-group\/\",\"url\":\"https:\/\/lm-kommunikation.de\/en\/portfolio\/berlin-exhibition-group\/\",\"name\":\"Corporate Design der Berlin Exhibition Group \u2013 LMK\",\"isPartOf\":{\"@id\":\"https:\/\/lm-kommunikation.de\/#website\"},\"datePublished\":\"2021-04-25T10:14:30+00:00\",\"dateModified\":\"2021-05-12T16:12:11+00:00\",\"description\":\"With the corporate design of the Berlin Exhibition Group (BEG), an overall brand was developed that unites 4 companies in the field of trade fair construction.\",\"breadcrumb\":{\"@id\":\"https:\/\/lm-kommunikation.de\/en\/portfolio\/berlin-exhibition-group\/#breadcrumb\"},\"inLanguage\":\"en-US\",\"potentialAction\":[{\"@type\":\"ReadAction\",\"target\":[\"https:\/\/lm-kommunikation.de\/en\/portfolio\/berlin-exhibition-group\/\"]}]},{\"@type\":\"BreadcrumbList\",\"@id\":\"https:\/\/lm-kommunikation.de\/en\/portfolio\/berlin-exhibition-group\/#breadcrumb\",\"itemListElement\":[{\"@type\":\"ListItem\",\"position\":1,\"name\":\"Startseite\",\"item\":\"https:\/\/lm-kommunikation.de\/en\/\"},{\"@type\":\"ListItem\",\"position\":2,\"name\":\"Projekte\",\"item\":\"https:\/\/lm-kommunikation.de\/portfolio\/\"},{\"@type\":\"ListItem\",\"position\":3,\"name\":\"Berlin Exhibition Group\"}]},{\"@type\":\"WebSite\",\"@id\":\"https:\/\/lm-kommunikation.de\/#website\",\"url\":\"https:\/\/lm-kommunikation.de\/\",\"name\":\"LMK B\u00fcro f\u00fcr Kommunikationsdesign\",\"description\":\"B\u00fcro f\u00fcr Kommunikationsdesign\",\"publisher\":{\"@id\":\"https:\/\/lm-kommunikation.de\/#\/schema\/person\/70880efef482d41ece9e5b219060bd1b\"},\"potentialAction\":[{\"@type\":\"SearchAction\",\"target\":{\"@type\":\"EntryPoint\",\"urlTemplate\":\"https:\/\/lm-kommunikation.de\/?s={search_term_string}\"},\"query-input\":\"required name=search_term_string\"}],\"inLanguage\":\"en-US\"},{\"@type\":[\"Person\",\"Organization\"],\"@id\":\"https:\/\/lm-kommunikation.de\/#\/schema\/person\/70880efef482d41ece9e5b219060bd1b\",\"name\":\"Tanja Lemke-Mahadvi\",\"image\":{\"@type\":\"ImageObject\",\"inLanguage\":\"en-US\",\"@id\":\"https:\/\/lm-kommunikation.de\/#\/schema\/person\/image\/\",\"url\":\"https:\/\/lm-kommunikation.de\/wp-content\/uploads\/2023\/09\/LMK_Logo_ohneText-scaled.jpg\",\"contentUrl\":\"https:\/\/lm-kommunikation.de\/wp-content\/uploads\/2023\/09\/LMK_Logo_ohneText-scaled.jpg\",\"width\":2560,\"height\":2560,\"caption\":\"Tanja Lemke-Mahadvi\"},\"logo\":{\"@id\":\"https:\/\/lm-kommunikation.de\/#\/schema\/person\/image\/\"},\"sameAs\":[\"http:\/\/lm-kommunikation.de\",\"https:\/\/www.instagram.com\/lmk_kommunikationsdesign\/\",\"@lmkburofurkommunikationsde8919\"]}]}<\/script>\n<!-- \/ Yoast SEO plugin. -->","yoast_head_json":{"title":"Corporate Design der Berlin Exhibition Group \u2013 LMK","description":"With the corporate design of the Berlin Exhibition Group (BEG), an overall brand was developed that unites 4 companies in the field of trade fair construction.","robots":{"index":"index","follow":"follow","max-snippet":"max-snippet:-1","max-image-preview":"max-image-preview:large","max-video-preview":"max-video-preview:-1"},"canonical":"https:\/\/lm-kommunikation.de\/en\/portfolio\/berlin-exhibition-group\/","og_locale":"en_US","og_type":"article","og_title":"Corporate Design der Berlin Exhibition Group \u2013 LMK","og_description":"With the corporate design of the Berlin Exhibition Group (BEG), an overall brand was developed that unites 4 companies in the field of trade fair construction.","og_url":"https:\/\/lm-kommunikation.de\/en\/portfolio\/berlin-exhibition-group\/","article_modified_time":"2021-05-12T16:12:11+00:00","og_image":[{"width":400,"height":300,"url":"https:\/\/lm-kommunikation.de\/wp-content\/uploads\/2021\/03\/lmk_BEG_animation.png","type":"image\/png"}],"twitter_card":"summary_large_image","twitter_misc":{"Est. reading time":"3 minutes"},"schema":{"@context":"https:\/\/schema.org","@graph":[{"@type":"WebPage","@id":"https:\/\/lm-kommunikation.de\/en\/portfolio\/berlin-exhibition-group\/","url":"https:\/\/lm-kommunikation.de\/en\/portfolio\/berlin-exhibition-group\/","name":"Corporate Design der Berlin Exhibition Group \u2013 LMK","isPartOf":{"@id":"https:\/\/lm-kommunikation.de\/#website"},"datePublished":"2021-04-25T10:14:30+00:00","dateModified":"2021-05-12T16:12:11+00:00","description":"With the corporate design of the Berlin Exhibition Group (BEG), an overall brand was developed that unites 4 companies in the field of trade fair construction.","breadcrumb":{"@id":"https:\/\/lm-kommunikation.de\/en\/portfolio\/berlin-exhibition-group\/#breadcrumb"},"inLanguage":"en-US","potentialAction":[{"@type":"ReadAction","target":["https:\/\/lm-kommunikation.de\/en\/portfolio\/berlin-exhibition-group\/"]}]},{"@type":"BreadcrumbList","@id":"https:\/\/lm-kommunikation.de\/en\/portfolio\/berlin-exhibition-group\/#breadcrumb","itemListElement":[{"@type":"ListItem","position":1,"name":"Startseite","item":"https:\/\/lm-kommunikation.de\/en\/"},{"@type":"ListItem","position":2,"name":"Projekte","item":"https:\/\/lm-kommunikation.de\/portfolio\/"},{"@type":"ListItem","position":3,"name":"Berlin Exhibition Group"}]},{"@type":"WebSite","@id":"https:\/\/lm-kommunikation.de\/#website","url":"https:\/\/lm-kommunikation.de\/","name":"LMK B\u00fcro f\u00fcr Kommunikationsdesign","description":"B\u00fcro f\u00fcr Kommunikationsdesign","publisher":{"@id":"https:\/\/lm-kommunikation.de\/#\/schema\/person\/70880efef482d41ece9e5b219060bd1b"},"potentialAction":[{"@type":"SearchAction","target":{"@type":"EntryPoint","urlTemplate":"https:\/\/lm-kommunikation.de\/?s={search_term_string}"},"query-input":"required name=search_term_string"}],"inLanguage":"en-US"},{"@type":["Person","Organization"],"@id":"https:\/\/lm-kommunikation.de\/#\/schema\/person\/70880efef482d41ece9e5b219060bd1b","name":"Tanja Lemke-Mahadvi","image":{"@type":"ImageObject","inLanguage":"en-US","@id":"https:\/\/lm-kommunikation.de\/#\/schema\/person\/image\/","url":"https:\/\/lm-kommunikation.de\/wp-content\/uploads\/2023\/09\/LMK_Logo_ohneText-scaled.jpg","contentUrl":"https:\/\/lm-kommunikation.de\/wp-content\/uploads\/2023\/09\/LMK_Logo_ohneText-scaled.jpg","width":2560,"height":2560,"caption":"Tanja Lemke-Mahadvi"},"logo":{"@id":"https:\/\/lm-kommunikation.de\/#\/schema\/person\/image\/"},"sameAs":["http:\/\/lm-kommunikation.de","https:\/\/www.instagram.com\/lmk_kommunikationsdesign\/","@lmkburofurkommunikationsde8919"]}]}},"jetpack-related-posts":[{"id":3741,"url":"https:\/\/lm-kommunikation.de\/en\/portfolio\/das-neue-corporate-design-des-dai\/","url_meta":{"origin":2977,"position":0},"title":"New Corporate Design of the DAI","date":"3. August 2023","format":false,"excerpt":"The new CD of the German Archeological Institute The German Archaeological Institute is a federal institution in the department of the Federal Foreign Office. Since its foundation in Rome in 1829, the DAI has developed into one of the largest research institutions in the field of archaeology and ancient studies\u2026","rel":"","context":"Similar post","img":{"alt_text":"","src":"https:\/\/i0.wp.com\/lm-kommunikation.de\/wp-content\/uploads\/2023\/04\/lmk_corporate_design_dai_icon-1.jpg?resize=350%2C200&ssl=1","width":350,"height":200},"classes":[]},{"id":2248,"url":"https:\/\/lm-kommunikation.de\/en\/portfolio\/antique-frames\/","url_meta":{"origin":2977,"position":1},"title":"Antique Frames","date":"12. February 2020","format":false,"excerpt":"Antique frames from the 15th to the beginning of the 19th century Fotography \u00a0 \u00a0 \u00a0 Corporate Design Webdesign www.antike-rahmen.de","rel":"","context":"Similar post","img":{"alt_text":"","src":"https:\/\/i0.wp.com\/lm-kommunikation.de\/wp-content\/uploads\/2018\/01\/lmk_antike_rahmen-e1526646689224.jpg?resize=350%2C200&ssl=1","width":350,"height":200},"classes":[]},{"id":3763,"url":"https:\/\/lm-kommunikation.de\/en\/portfolio\/design-der-dai-journal-reihe\/","url_meta":{"origin":2977,"position":2},"title":"DAI Journal Series","date":"3. May 2023","format":false,"excerpt":"Das Editorial Design der DAI Journal Reihe For more than 100 years, the German Archaeological Institute has published its scientific work in its own numerous journals worldwide. These are mostly historically grown and published by the DAI locations, in German, English or national language. The challenge - to develop a\u2026","rel":"","context":"Similar post","img":{"alt_text":"","src":"https:\/\/i0.wp.com\/lm-kommunikation.de\/wp-content\/uploads\/2022\/11\/lmk_dai_journalreihe.png?resize=350%2C200&ssl=1","width":350,"height":200},"classes":[]},{"id":2250,"url":"https:\/\/lm-kommunikation.de\/en\/portfolio\/identity-in-the-field-of-branding\/","url_meta":{"origin":2977,"position":3},"title":"Identity in the field of branding","date":"10. February 2020","format":false,"excerpt":"What does identity actually mean in brand development? IIdentity refers to the sum of the characteristics and values that characterise a person, a product or a company. Identity answers the central question \"Why do we do that?\" and defines the core of an issue. It's about values, visions and competencies.\u2026","rel":"","context":"Similar post","img":{"alt_text":"","src":"https:\/\/i0.wp.com\/lm-kommunikation.de\/wp-content\/uploads\/2018\/03\/lmk_identity_small.gif?resize=350%2C200&ssl=1","width":350,"height":200},"classes":[]},{"id":2247,"url":"https:\/\/lm-kommunikation.de\/en\/portfolio\/formfoundation\/","url_meta":{"origin":2977,"position":4},"title":"Formfoundation","date":"13. February 2020","format":false,"excerpt":"Corporate Design for formfoundation Corporate Design Logo, Stationary, Flyer, Office interiour, Typography, Clothing, Vehicle fleet Webdesign www.form-foundation.de","rel":"","context":"Similar post","img":{"alt_text":"","src":"https:\/\/i0.wp.com\/lm-kommunikation.de\/wp-content\/uploads\/2018\/02\/lmk_corporate_design_ff-1.png?resize=350%2C200&ssl=1","width":350,"height":200},"classes":[]},{"id":2266,"url":"https:\/\/lm-kommunikation.de\/en\/portfolio\/international-organisation-development\/","url_meta":{"origin":2977,"position":5},"title":"International Organisation Development","date":"24. January 2020","format":false,"excerpt":"Corporate Design for advaia Webdesign \u00a0","rel":"","context":"Similar post","img":{"alt_text":"","src":"https:\/\/i0.wp.com\/lm-kommunikation.de\/wp-content\/uploads\/2018\/04\/lmk_corporate_design_advaia1.jpg?resize=350%2C200&ssl=1","width":350,"height":200},"classes":[]}],"_links":{"self":[{"href":"https:\/\/lm-kommunikation.de\/en\/wp-json\/wp\/v2\/jetpack-portfolio\/2977"}],"collection":[{"href":"https:\/\/lm-kommunikation.de\/en\/wp-json\/wp\/v2\/jetpack-portfolio"}],"about":[{"href":"https:\/\/lm-kommunikation.de\/en\/wp-json\/wp\/v2\/types\/jetpack-portfolio"}],"author":[{"embeddable":true,"href":"https:\/\/lm-kommunikation.de\/en\/wp-json\/wp\/v2\/users\/1"}],"replies":[{"embeddable":true,"href":"https:\/\/lm-kommunikation.de\/en\/wp-json\/wp\/v2\/comments?post=2977"}],"version-history":[{"count":4,"href":"https:\/\/lm-kommunikation.de\/en\/wp-json\/wp\/v2\/jetpack-portfolio\/2977\/revisions"}],"predecessor-version":[{"id":2986,"href":"https:\/\/lm-kommunikation.de\/en\/wp-json\/wp\/v2\/jetpack-portfolio\/2977\/revisions\/2986"}],"wp:featuredmedia":[{"embeddable":true,"href":"https:\/\/lm-kommunikation.de\/en\/wp-json\/wp\/v2\/media\/2966"}],"wp:attachment":[{"href":"https:\/\/lm-kommunikation.de\/en\/wp-json\/wp\/v2\/media?parent=2977"}],"wp:term":[{"taxonomy":"jetpack-portfolio-type","embeddable":true,"href":"https:\/\/lm-kommunikation.de\/en\/wp-json\/wp\/v2\/jetpack-portfolio-type?post=2977"},{"taxonomy":"jetpack-portfolio-tag","embeddable":true,"href":"https:\/\/lm-kommunikation.de\/en\/wp-json\/wp\/v2\/jetpack-portfolio-tag?post=2977"}],"curies":[{"name":"wp","href":"https:\/\/api.w.org\/{rel}","templated":true}]}}